{"id":1448,"date":"2021-09-09T13:47:59","date_gmt":"2021-09-09T11:47:59","guid":{"rendered":"https:\/\/judithserrasinergies.com\/politica-de-privacitat\/"},"modified":"2022-07-14T17:42:11","modified_gmt":"2022-07-14T15:42:11","slug":"politica-de-privacitat","status":"publish","type":"page","link":"https:\/\/judithserrasinergies.com\/ca\/politica-de-privacitat\/","title":{"rendered":"POL\u00cdTICA DE PRIVACITAT"},"content":{"rendered":"\t\t<div data-elementor-type=\"wp-page\" data-elementor-id=\"1448\" class=\"elementor elementor-1448 elementor-484\" data-elementor-post-type=\"page\">\n\t\t\t\t\t\t<section class=\"elementor-section elementor-top-section elementor-element elementor-element-0c36242 elementor-section-boxed elementor-section-height-default elementor-section-height-default\" data-id=\"0c36242\" data-element_type=\"section\" data-e-type=\"section\">\n\t\t\t\t\t\t<div class=\"elementor-container elementor-column-gap-default\">\n\t\t\t\t\t<div class=\"elementor-column elementor-col-100 elementor-top-column elementor-element elementor-element-dd40ea8\" data-id=\"dd40ea8\" data-element_type=\"column\" data-e-type=\"column\">\n\t\t\t<div class=\"elementor-widget-wrap elementor-element-populated\">\n\t\t\t\t\t\t<div class=\"elementor-element elementor-element-e7c488a elementor-widget elementor-widget-heading\" data-id=\"e7c488a\" data-element_type=\"widget\" data-e-type=\"widget\" data-widget_type=\"heading.default\">\n\t\t\t\t<div class=\"elementor-widget-container\">\n\t\t\t\t\t<h1 class=\"elementor-heading-title elementor-size-default\">POL\u00cdTICA DE PRIVACITAT<\/h1>\t\t\t\t<\/div>\n\t\t\t\t<\/div>\n\t\t\t\t<div class=\"elementor-element elementor-element-9aedc45 elementor-widget elementor-widget-heading\" data-id=\"9aedc45\" data-element_type=\"widget\" data-e-type=\"widget\" data-widget_type=\"heading.default\">\n\t\t\t\t<div class=\"elementor-widget-container\">\n\t\t\t\t\t<h2 class=\"elementor-heading-title elementor-size-default\">1. RESPONSABLE DE LES DADES PERSONALS<\/h2>\t\t\t\t<\/div>\n\t\t\t\t<\/div>\n\t\t\t\t<div class=\"elementor-element elementor-element-abf1547 elementor-widget elementor-widget-text-editor\" data-id=\"abf1547\" data-element_type=\"widget\" data-e-type=\"widget\" data-widget_type=\"text-editor.default\">\n\t\t\t\t<div class=\"elementor-widget-container\">\n\t\t\t\t\t\t\t\t\t<p><strong>Empresa:<\/strong> Judit Serra Boixader (d\u2019ara en endavant, &#8220;JUDITH SERRA &#8220;)<\/p>\n<p><strong>NIF:<\/strong> 77737803B<\/p>\n<p><strong>Direcci\u00f3:<\/strong> Apartado Correos n\u00fam. 103 de la Oficina de Berga, Carrer del Roser, 40, 08600, Berga, Barcelona, Espa\u00f1a<\/p>\n<p><strong>Correu electr\u00f2nic:<\/strong> hola@judithserrasinergies.com<\/p>\n<p><strong>Lloc web:<\/strong> www.judithserrasinergies.com<\/p>\n<p>Informem que la web <a href=\"http:\/\/www.judithserrasinergies.com\">www.judithserrasinergies.com<\/a> de la qual \u00e9s titular JUDITH SERRA (en endavant, &#8220;el portal o lloc web&#8221;), compleix amb les directrius de la normativa vigent en mat\u00e8ria de protecci\u00f3 de dades personals, el Reglament (UE ) 2016\/679 de 27 d&#8217;abril de 2016 (RGPD) aix\u00ed com la LO 3\/2018, de 5 de desembre de protecci\u00f3 de Dades Personals i garantia dels drets digitals, normativa en mat\u00e8ria de protecci\u00f3 de les persones f\u00edsiques pel que fa a el tractament de dades personals i la lliure circulaci\u00f3 d&#8217;aquestes dades.<\/p>\n\t\t\t\t\t\t\t\t<\/div>\n\t\t\t\t<\/div>\n\t\t\t\t<div class=\"elementor-element elementor-element-8eff789 elementor-widget elementor-widget-heading\" data-id=\"8eff789\" data-element_type=\"widget\" data-e-type=\"widget\" data-widget_type=\"heading.default\">\n\t\t\t\t<div class=\"elementor-widget-container\">\n\t\t\t\t\t<h2 class=\"elementor-heading-title elementor-size-default\">2. PRINCIPIS PER AL TRACTAMENT<\/h2>\t\t\t\t<\/div>\n\t\t\t\t<\/div>\n\t\t\t\t<div class=\"elementor-element elementor-element-b973ea0 elementor-widget elementor-widget-text-editor\" data-id=\"b973ea0\" data-element_type=\"widget\" data-e-type=\"widget\" data-widget_type=\"text-editor.default\">\n\t\t\t\t<div class=\"elementor-widget-container\">\n\t\t\t\t\t\t\t\t\t<p>En el tractament de les dades personals aplicarem els seg\u00fcents principis que s&#8217;ajusten a les exig\u00e8ncies de la normativa en mat\u00e8ria de protecci\u00f3 de dades personals:<\/p>\n<ul>\n<li><strong> Principi de licitud, lleialtat i transpar\u00e8ncia<\/strong>: requerirem el consentiment per al tractament de les teves dades personals per a un o diversos fins espec\u00edfics dels quals informarem pr\u00e8viament amb absoluta transpar\u00e8ncia.<\/li>\n<li><strong> Principi de minimitzaci\u00f3 de dades: <\/strong>demanarem \u00fanicament les dades estrictament necess\u00e0ries en relaci\u00f3 amb els fins per als quals s\u00f3n necessaris.<\/li>\n<li><strong> Principi de limitaci\u00f3 del termini de conservaci\u00f3:<\/strong> les dades seran mantinguts durant no m\u00e9s temps del necessari per als fins del tractament, en funci\u00f3 a la finalitat, informarem de el termini de conservaci\u00f3 corresponent<\/li>\n<li><strong>Principi d&#8217;integritat i confidencialitat:<\/strong> les dades seran tractades de tal manera que es garanteixi una seguretat adequada de les dades personals i es garanteixi confidencialitat.<\/li>\n<\/ul>\n\t\t\t\t\t\t\t\t<\/div>\n\t\t\t\t<\/div>\n\t\t\t\t<div class=\"elementor-element elementor-element-2c83a1c elementor-widget elementor-widget-heading\" data-id=\"2c83a1c\" data-element_type=\"widget\" data-e-type=\"widget\" data-widget_type=\"heading.default\">\n\t\t\t\t<div class=\"elementor-widget-container\">\n\t\t\t\t\t<h2 class=\"elementor-heading-title elementor-size-default\">3. DADES SOL\u00b7LICITADES I FINALITAT DE TRACTAMENT<\/h2>\t\t\t\t<\/div>\n\t\t\t\t<\/div>\n\t\t\t\t<div class=\"elementor-element elementor-element-f81dc3e elementor-widget elementor-widget-text-editor\" data-id=\"f81dc3e\" data-element_type=\"widget\" data-e-type=\"widget\" data-widget_type=\"text-editor.default\">\n\t\t\t\t<div class=\"elementor-widget-container\">\n\t\t\t\t\t\t\t\t\t<p>Com a usuari, ets l&#8217;\u00fanic responsable de la veracitat i correcci\u00f3 de les dades que ens remetis directament o mitjan\u00e7ant el lloc web, exonerant-nos de qualsevol responsabilitat sobre les mateixes.<\/p>\n<p>En aquest sentit, informem que les dades que ens facilites de forma volunt\u00e0ria s\u00f3n recopilades i tractats amb les seg\u00fcents finalitats:<\/p>\n<ul>\n<li><strong> Contacte<\/strong><\/li>\n<\/ul>\n<p>&#8211; Contestar les teves consultes, sol\u00b7licituds o peticions.<\/p>\n<p>&#8211; Gestionar el servei sol\u00b7licitat, contestar la teva sol\u00b7licitud, o tramitar la teva petici\u00f3.<\/p>\n<p>&#8211; Enviar informaci\u00f3 per mitjans electr\u00f2nics, que versin sobre la teva sol\u00b7licitud.<\/p>\n<p>Legitimaci\u00f3: la relaci\u00f3 precontractual entre les parts.<\/p>\n<p>&nbsp;<\/p>\n<ul>\n<li><strong> Formulari de subscripci\u00f3<\/strong><\/li>\n<\/ul>\n<p>&#8211; Enviar informaci\u00f3 comercial o d&#8217;esdeveniments per mitjans electr\u00f2nics<\/p>\n<p>&#8211; Realitzar an\u00e0lisi i millores en l&#8217;enviament de mailing, per millorar la nostra estrat\u00e8gia comercial.<\/p>\n<p>Legitimaci\u00f3: consentiment del titular de les dades.<\/p>\n<p>&nbsp;<\/p>\n<ul>\n<li><strong> Contractaci\u00f3 de productes i \/ o serveis (clients)<\/strong><\/li>\n<\/ul>\n<p>&#8211; Gesti\u00f3 i administraci\u00f3 dels productes i \/ o serveis contractats.<\/p>\n<p>&#8211; L&#8217;elaboraci\u00f3 del pressupost i seguiment de la mateixa mitjan\u00e7ant comunicacions entre les dues parts.<\/p>\n<p>&#8211; Enviament d&#8217;informaci\u00f3 per mitjans electr\u00f2nics, que versin sobre la teva sol\u00b7licitud.<\/p>\n<p>&#8211; Enviament d&#8217;informaci\u00f3 comercial o d&#8217;esdeveniments per mitjans electr\u00f2nics, sempre que hi hagi autoritzaci\u00f3 expressa.<\/p>\n<p>&#8211; Facturaci\u00f3 i declaraci\u00f3 dels impostos oportuns.<\/p>\n<p>&#8211; Realitzaci\u00f3 de les transaccions que corresponguin.<\/p>\n<p>&#8211; Gestions de control i recobrament.<\/p>\n<p>Legitimaci\u00f3: la relaci\u00f3 contractual entre les parts.<\/p>\n<p><strong>\u00a0<\/strong><\/p>\n<ul>\n<li><strong> Contractaci\u00f3 de productes i \/ o serveis (Prove\u00efdors)<\/strong><\/li>\n<\/ul>\n<p>&#8211; Facturaci\u00f3 i declaraci\u00f3 dels impostos oportuns.<\/p>\n<p>&#8211; Realitzaci\u00f3 de les transaccions que corresponguin.<\/p>\n<p>&#8211; Gestions de facturaci\u00f3.<\/p>\n<p>Legitimaci\u00f3: la relaci\u00f3 contractual entre les parts.<\/p>\n<p>&nbsp;<\/p>\n<ul>\n<li><strong> Xarxes socials<\/strong><\/li>\n<\/ul>\n<p>&#8211; Contestar les teves consultes, sol\u00b7licituds o peticions.<\/p>\n<p>&#8211; Gestionar el servei sol\u00b7licitat.<\/p>\n<p>&#8211; Relacionar-nos amb tu i crear comunitat.<\/p>\n<p>Legitimaci\u00f3: l&#8217;atorgada a la xarxa social en q\u00fcesti\u00f3. S&#8217;estar\u00e0 a les condicions d&#8217;\u00fas, pol\u00edtiques de privacitat i normatives d&#8217;acc\u00e9s que pertanyin a la xarxa social que procedeixi en cada cas i hagin estat acceptades pr\u00e8viament com a usuari.<\/p>\n\t\t\t\t\t\t\t\t<\/div>\n\t\t\t\t<\/div>\n\t\t\t\t<div class=\"elementor-element elementor-element-aff43fa elementor-widget elementor-widget-heading\" data-id=\"aff43fa\" data-element_type=\"widget\" data-e-type=\"widget\" data-widget_type=\"heading.default\">\n\t\t\t\t<div class=\"elementor-widget-container\">\n\t\t\t\t\t<h2 class=\"elementor-heading-title elementor-size-default\">4. CONSENTIMENT<\/h2>\t\t\t\t<\/div>\n\t\t\t\t<\/div>\n\t\t\t\t<div class=\"elementor-element elementor-element-d7b5238 elementor-widget elementor-widget-text-editor\" data-id=\"d7b5238\" data-element_type=\"widget\" data-e-type=\"widget\" data-widget_type=\"text-editor.default\">\n\t\t\t\t<div class=\"elementor-widget-container\">\n\t\t\t\t\t\t\t\t\t<p>Mitjan\u00e7ant la introducci\u00f3 de les dades, com a usuari atorgues el consentiment expr\u00e9s i inequ\u00edvoc, declarant haver estat informat de les condicions sobre protecci\u00f3 de dades de car\u00e0cter personal, acceptant i consentint el tractament automatitzat dels mateixos, perqu\u00e8 procedim al tractament de les dades facilitades en benefici de les finalitats esmentades. Tamb\u00e9 implica el consentiment a la transfer\u00e8ncia internacional de dades, a causa exclusivament al fet que algun dels prove\u00efdors o tercers que proveeixen serveis necessaris per al desenvolupament d&#8217;aquesta web es troben ubicats en altres pa\u00efsos, sempre i quan existeixin les mesures i garanties necess\u00e0ries.<\/p>\n<p>El no facilitar les dades personals sol\u00b7licitades i el no acceptar la present pol\u00edtica de protecci\u00f3 de dades (&#8220;checkbox&#8221; al formularis) suposa la impossibilitat de gestionar els serveis (finalitats) esmentades anteriorment.<\/p>\n\t\t\t\t\t\t\t\t<\/div>\n\t\t\t\t<\/div>\n\t\t\t\t<div class=\"elementor-element elementor-element-dd55533 elementor-widget elementor-widget-heading\" data-id=\"dd55533\" data-element_type=\"widget\" data-e-type=\"widget\" data-widget_type=\"heading.default\">\n\t\t\t\t<div class=\"elementor-widget-container\">\n\t\t\t\t\t<h2 class=\"elementor-heading-title elementor-size-default\">5. MENORS D'EDAT<\/h2>\t\t\t\t<\/div>\n\t\t\t\t<\/div>\n\t\t\t\t<div class=\"elementor-element elementor-element-b99b096 elementor-widget elementor-widget-text-editor\" data-id=\"b99b096\" data-element_type=\"widget\" data-e-type=\"widget\" data-widget_type=\"text-editor.default\">\n\t\t\t\t<div class=\"elementor-widget-container\">\n\t\t\t\t\t\t\t\t\t<p>Es fa expressa menci\u00f3 als menors de 14 anys, en relaci\u00f3 al tractament de les seves dades personals. Els menors no podran accedir a aquest lloc web sense el consentiment dels seus pares o tutors. En aquest sentit, JUDITH SERRA no es fa responsable davant l&#8217;incompliment d&#8217;aquesta previsi\u00f3.<\/p>\n\t\t\t\t\t\t\t\t<\/div>\n\t\t\t\t<\/div>\n\t\t\t\t<div class=\"elementor-element elementor-element-410515f elementor-widget elementor-widget-heading\" data-id=\"410515f\" data-element_type=\"widget\" data-e-type=\"widget\" data-widget_type=\"heading.default\">\n\t\t\t\t<div class=\"elementor-widget-container\">\n\t\t\t\t\t<h2 class=\"elementor-heading-title elementor-size-default\">6. DADES PERSONALS DE TERCERS<\/h2>\t\t\t\t<\/div>\n\t\t\t\t<\/div>\n\t\t\t\t<div class=\"elementor-element elementor-element-00be4d5 elementor-widget elementor-widget-text-editor\" data-id=\"00be4d5\" data-element_type=\"widget\" data-e-type=\"widget\" data-widget_type=\"text-editor.default\">\n\t\t\t\t<div class=\"elementor-widget-container\">\n\t\t\t\t\t\t\t\t\t<p>En JUDITH SERRA nom\u00e9s tractem les dades que ens faciliten els titulars. Si ens aportes dades de tercers, amb car\u00e0cter previ, haur\u00e0s d\u2019informar i sol\u00b7licitar el seu consentiment a aquestes persones, o en cas contrari ens eximeixes de qualsevol responsabilitat per l&#8217;incompliment d&#8217;aquest requisit.<\/p>\n\t\t\t\t\t\t\t\t<\/div>\n\t\t\t\t<\/div>\n\t\t\t\t<div class=\"elementor-element elementor-element-22690a1 elementor-widget elementor-widget-heading\" data-id=\"22690a1\" data-element_type=\"widget\" data-e-type=\"widget\" data-widget_type=\"heading.default\">\n\t\t\t\t<div class=\"elementor-widget-container\">\n\t\t\t\t\t<h2 class=\"elementor-heading-title elementor-size-default\">7. ENCARREGATS DEL TRACTAMENT<\/h2>\t\t\t\t<\/div>\n\t\t\t\t<\/div>\n\t\t\t\t<div class=\"elementor-element elementor-element-2b984a8 elementor-widget elementor-widget-text-editor\" data-id=\"2b984a8\" data-element_type=\"widget\" data-e-type=\"widget\" data-widget_type=\"text-editor.default\">\n\t\t\t\t<div class=\"elementor-widget-container\">\n\t\t\t\t\t\t\t\t\t<p>JUDITH SERRA t&#8217;informa que no cedir\u00e0 les dades personals a tercers, excepte per obligaci\u00f3 legal. No obstant aix\u00f2, en el cas de ser cedits a algun tercer es produiria una informaci\u00f3 pr\u00e8via sol\u00b7licitant el teu consentiment. Com encarregats de tractament, JUDITH SERRA t\u00e9, entre d&#8217;altres, contractats els seg\u00fcents prove\u00efdors de serveis, que s&#8217;han comprom\u00e8s al compliment de les disposicions normatives d&#8217;aplicaci\u00f3 en mat\u00e8ria de protecci\u00f3 de dades, en el moment de la seva contractaci\u00f3:<\/p>\n<p><strong>MRW,<\/strong> empresa utilitzada per a l&#8217;enviament de productes f\u00edsics a comprador, anomenada FITMAN, SL, societat franquiciadora de la marca MRW, amb domicili social en Pol\u00edgon Industrial El Oliveral, Sub Pol\u00edgon II, parcel\u00b7la nombre 13, 46190 Riba-roja de T\u00faria (Val\u00e8ncia), societat inscrita al Registre Mercantil de Barcelona al tom 38.192, Foli 47, Full B-44174, amb CIF n\u00ba B-59.060.715, tel\u00e8fon: tel\u00e8fon 932 609 800; fax: tel\u00e8fon 932 609 801. Per a m\u00e9s informaci\u00f3 sobre la seva privacitat pot visitar https:\/\/www.mrw.es\/uso_MRW_mensajeria\/transporte_condiciones.asp#capitol8<\/p>\n<p><strong>Google LLC<\/strong>, amb domicili a Gordon House, Barrow Street 4, D04 E5W5 Dubl\u00edn, Irlanda, ofereix serveis consistents en serveis de computaci\u00f3 en el n\u00favol, de mesura i de correu electr\u00f2nic. Pol\u00edtica de privacitat i altres aspectes legals d&#8217;aquesta companyia en el seg\u00fcent enlla\u00e7: https:\/\/www.google.com\/intl\/es\/policies\/privacy\/<\/p>\n<p><strong>PC Imagine, SCP<\/strong>, amb CIF J64528086, amb direcci\u00f3 a Pla\u00e7a Santa Maria, 2, 08693, Casserres, Barcelona, \u200b\u200bEspanya. Pot consultar la seva pol\u00edtica de privacitat i altres aspectes legals en https:\/\/store.pcimagine.com\/condiciones-generales.php#politica<\/p>\n\t\t\t\t\t\t\t\t<\/div>\n\t\t\t\t<\/div>\n\t\t\t\t<div class=\"elementor-element elementor-element-8262b70 elementor-widget elementor-widget-heading\" data-id=\"8262b70\" data-element_type=\"widget\" data-e-type=\"widget\" data-widget_type=\"heading.default\">\n\t\t\t\t<div class=\"elementor-widget-container\">\n\t\t\t\t\t<h2 class=\"elementor-heading-title elementor-size-default\">DRETS RECONEGUTS<\/h2>\t\t\t\t<\/div>\n\t\t\t\t<\/div>\n\t\t\t\t<div class=\"elementor-element elementor-element-6eac6b8 elementor-widget elementor-widget-text-editor\" data-id=\"6eac6b8\" data-element_type=\"widget\" data-e-type=\"widget\" data-widget_type=\"text-editor.default\">\n\t\t\t\t<div class=\"elementor-widget-container\">\n\t\t\t\t\t\t\t\t\t<p>JUDITH SERRA garanteix en tot cas com a usuari l&#8217;exercici dels drets d&#8217;acc\u00e9s, rectificaci\u00f3, cancel\u00b7laci\u00f3, informaci\u00f3 i oposici\u00f3, limitaci\u00f3 i portabilitat, en els termes que disposa la legislaci\u00f3 vigent. Per aix\u00f2, podr\u00e0s exercir els teus drets remetent una sol\u00b7licitud expressa a l&#8217;adre\u00e7a postal indicada a l&#8217;encap\u00e7alament i \/ o enviant un correu electr\u00f2nic a hola@judithserrasinergies.com, indicant en l&#8217;assumpte: Drets ARCO-POL, i adjuntant fotoc\u00f2pia del teu DNI. Si ho requereixen, tenim a la teva disposici\u00f3 formularis per al correcte exercici dels teus drets. Procedim a detallar-te en qu\u00e8 consisteixen cada un d&#8217;aquests drets:<\/p>\n<ul>\n<li><strong> Dret d&#8217;acc\u00e9s:<\/strong> permet con\u00e8ixer i obtenir informaci\u00f3 sobre les vostres dades de car\u00e0cter personal sotmeses a tractament.<\/li>\n<li><strong> Dret de rectificaci\u00f3:<\/strong> permet corregir errors, modificar les dades que resultin ser inexactes o incompletes i garantir la certesa de la informaci\u00f3 objecte del tractament.<\/li>\n<li><strong> Dret de supressi\u00f3:<\/strong> permet sol\u00b7licitar l&#8217;eliminaci\u00f3 de les dades objecte de tractament quan ja no siguin necessaris per a l&#8217;execuci\u00f3 o prestaci\u00f3 de servei.<\/li>\n<li><strong> Dret d&#8217;oposici\u00f3:<\/strong> permet evitar que no es dugui a terme el tractament de les dades de car\u00e0cter personal, excepte motius leg\u00edtims o per a l&#8217;exercici o defensa de possibles reclamacions, en aquest cas els mantindrem bloquejats durant el termini corresponent mentre persisteixin les obligacions legals .<\/li>\n<li><strong> Limitaci\u00f3 del tractament<\/strong>: permet sol\u00b7licitar la limitaci\u00f3 del tractament de les teves dades, en el cas \u00fanicament es conservaran per a l&#8217;exercici o defensa de reclamacions.<\/li>\n<li><strong> Portabilitat de les dades:<\/strong> permet sol\u00b7licitar i enviament de les dades que et incumbeixin i que ens has facilitat a un altre responsable que ens indiquis (sempre que sigui t\u00e8cnicament possible).<\/li>\n<li><strong> Dret a no ser objecte de decisions individuals automatitzades (inclosa l&#8217;elaboraci\u00f3 de perfils):<\/strong> dret a no ser objecte d&#8217;una decisi\u00f3 basada en el tractament automatitzat que produeixi efectes o afecti significativament.<\/li>\n<\/ul>\n<p>En el sup\u00f2sit d&#8217;actuar com a representant del titular de les dades personals, ser\u00e0 necessari que acreditis aquesta representaci\u00f3 mitjan\u00e7ant el seu DNI o signatura electr\u00f2nica.<\/p>\n<p>Al seu torn, com a usuari tens dret a retirar el consentiment prestat en qualsevol moment. La retirada del consentiment no afectar\u00e0 la licitud del tractament efectuat abans de la retirada del consentiment. Disposes d&#8217;informaci\u00f3 addicional en el seg\u00fcent enlla\u00e7: https:\/\/www.aepd.es\/es\/derechos-y-deberes\/conoce-tus-derechos<\/p>\n<p>Tamb\u00e9 tens dret a presentar una reclamaci\u00f3 davant l&#8217;autoritat de control si consideres que els teus drets poden haver-se vist vulnerats en relaci\u00f3 a la protecci\u00f3 de les seves dades davant l&#8217;Ag\u00e8ncia Espanyola de Protecci\u00f3 de Dades (AEPD), al carrer Jorge Juan, 6, 28001-Madrid o a trav\u00e9s de la seu electr\u00f2nica de l&#8217;AEPD: https:\/\/sedeagpd.gob.es\/sede-electronica-web\/.<\/p>\n\t\t\t\t\t\t\t\t<\/div>\n\t\t\t\t<\/div>\n\t\t\t\t<div class=\"elementor-element elementor-element-b8cc52e elementor-widget elementor-widget-heading\" data-id=\"b8cc52e\" data-element_type=\"widget\" data-e-type=\"widget\" data-widget_type=\"heading.default\">\n\t\t\t\t<div class=\"elementor-widget-container\">\n\t\t\t\t\t<h2 class=\"elementor-heading-title elementor-size-default\">9. DURADA DEL TRACTAMENT<\/h2>\t\t\t\t<\/div>\n\t\t\t\t<\/div>\n\t\t\t\t<div class=\"elementor-element elementor-element-637f5ee elementor-widget elementor-widget-text-editor\" data-id=\"637f5ee\" data-element_type=\"widget\" data-e-type=\"widget\" data-widget_type=\"text-editor.default\">\n\t\t\t\t<div class=\"elementor-widget-container\">\n\t\t\t\t\t\t\t\t\t<p>Les dades que ens has facilitat es conservaran mentre hi hagi un inter\u00e8s mutu per a mantenir la fi del tractament i\/o durant el termini pel qual poguessin deriv\u00e9s responsabilitats legals pels serveis prestats. Quan ja no sigui necessari per a tal fi, se suprimiran amb mesures de seguretat adequades per a garantir la pseudonimizaci\u00f3 de les dades o destrucci\u00f3 total d&#8217;aquests. Si ho requereixes, disposem d&#8217;una taula amb el per\u00edode espec\u00edfic de durada del cadascun dels tractaments realitzats.<\/p>\n\t\t\t\t\t\t\t\t<\/div>\n\t\t\t\t<\/div>\n\t\t\t\t<div class=\"elementor-element elementor-element-44ec60c elementor-widget elementor-widget-heading\" data-id=\"44ec60c\" data-element_type=\"widget\" data-e-type=\"widget\" data-widget_type=\"heading.default\">\n\t\t\t\t<div class=\"elementor-widget-container\">\n\t\t\t\t\t<h2 class=\"elementor-heading-title elementor-size-default\">10. NOTES ADDICIONALS<\/h2>\t\t\t\t<\/div>\n\t\t\t\t<\/div>\n\t\t\t\t<div class=\"elementor-element elementor-element-a99eec7 elementor-widget elementor-widget-text-editor\" data-id=\"a99eec7\" data-element_type=\"widget\" data-e-type=\"widget\" data-widget_type=\"text-editor.default\">\n\t\t\t\t<div class=\"elementor-widget-container\">\n\t\t\t\t\t\t\t\t\t<p>JUDITH SERRA es reserva el dret a modificar la present pol\u00edtica per a adaptar-la a novetats legislatives o jurisprudencials.<\/p>\n<p>Per a qualsevol aspecte relacionat amb aquesta pol\u00edtica de privacitat, pots posar-te en contacte amb JUDITH SERRA en l&#8217;adre\u00e7a de correu electr\u00f2nic mostrada en l&#8217;encap\u00e7alament.<\/p>\n\t\t\t\t\t\t\t\t<\/div>\n\t\t\t\t<\/div>\n\t\t\t\t\t<\/div>\n\t\t<\/div>\n\t\t\t\t\t<\/div>\n\t\t<\/section>\n\t\t\t\t<\/div>\n\t\t","protected":false},"excerpt":{"rendered":"<p>POL\u00cdTICA DE PRIVACITAT 1. RESPONSABLE DE LES DADES PERSONALS Empresa: Judit Serra Boixader (d\u2019ara en endavant, &#8220;JUDITH SERRA &#8220;) NIF: 77737803B Direcci\u00f3: Apartado Correos n\u00fam. 103 de la Oficina de Berga, Carrer del Roser, 40, 08600, Berga, Barcelona, Espa\u00f1a Correu electr\u00f2nic: hola@judithserrasinergies.com Lloc web: www.judithserrasinergies.com Informem que la web www.judithserrasinergies.com de la qual \u00e9s titular &hellip;<\/p>\n<p class=\"read-more\"> <a class=\"\" href=\"https:\/\/judithserrasinergies.com\/ca\/politica-de-privacitat\/\"> <span class=\"screen-reader-text\">POL\u00cdTICA DE PRIVACITAT<\/span> Llegeix m\u00e9s &raquo;<\/a><\/p>\n","protected":false},"author":1,"featured_media":0,"parent":0,"menu_order":0,"comment_status":"closed","ping_status":"closed","template":"","meta":{"footnotes":""},"class_list":["post-1448","page","type-page","status-publish","hentry"],"yoast_head":"<!-- This site is optimized with the Yoast SEO plugin v27.5 - https:\/\/yoast.com\/product\/yoast-seo-wordpress\/ -->\n<title>POL\u00cdTICA DE PRIVACITAT - Judith Serra<\/title>\n<meta name=\"robots\" content=\"noindex, nofollow\" \/>\n<meta property=\"og:locale\" content=\"ca_ES\" \/>\n<meta property=\"og:type\" content=\"article\" \/>\n<meta property=\"og:title\" content=\"POL\u00cdTICA DE PRIVACITAT - Judith Serra\" \/>\n<meta property=\"og:description\" content=\"POL\u00cdTICA DE PRIVACITAT 1. RESPONSABLE DE LES DADES PERSONALS Empresa: Judit Serra Boixader (d\u2019ara en endavant, &#8220;JUDITH SERRA &#8220;) NIF: 77737803B Direcci\u00f3: Apartado Correos n\u00fam. 103 de la Oficina de Berga, Carrer del Roser, 40, 08600, Berga, Barcelona, Espa\u00f1a Correu electr\u00f2nic: hola@judithserrasinergies.com Lloc web: www.judithserrasinergies.com Informem que la web www.judithserrasinergies.com de la qual \u00e9s titular &hellip; POL\u00cdTICA DE PRIVACITAT Llegeix m\u00e9s &raquo;\" \/>\n<meta property=\"og:url\" content=\"https:\/\/judithserrasinergies.com\/ca\/politica-de-privacitat\/\" \/>\n<meta property=\"og:site_name\" content=\"Judith Serra\" \/>\n<meta property=\"article:modified_time\" content=\"2022-07-14T15:42:11+00:00\" \/>\n<meta name=\"twitter:card\" content=\"summary_large_image\" \/>\n<meta name=\"twitter:label1\" content=\"Temps estimat de lectura\" \/>\n\t<meta name=\"twitter:data1\" content=\"8 minuts\" \/>\n<script type=\"application\/ld+json\" class=\"yoast-schema-graph\">{\"@context\":\"https:\\\/\\\/schema.org\",\"@graph\":[{\"@type\":\"WebPage\",\"@id\":\"https:\\\/\\\/judithserrasinergies.com\\\/ca\\\/politica-de-privacitat\\\/\",\"url\":\"https:\\\/\\\/judithserrasinergies.com\\\/ca\\\/politica-de-privacitat\\\/\",\"name\":\"POL\u00cdTICA DE PRIVACITAT - Judith Serra\",\"isPartOf\":{\"@id\":\"https:\\\/\\\/judithserrasinergies.com\\\/#website\"},\"datePublished\":\"2021-09-09T11:47:59+00:00\",\"dateModified\":\"2022-07-14T15:42:11+00:00\",\"breadcrumb\":{\"@id\":\"https:\\\/\\\/judithserrasinergies.com\\\/ca\\\/politica-de-privacitat\\\/#breadcrumb\"},\"inLanguage\":\"ca\",\"potentialAction\":[{\"@type\":\"ReadAction\",\"target\":[\"https:\\\/\\\/judithserrasinergies.com\\\/ca\\\/politica-de-privacitat\\\/\"]}]},{\"@type\":\"BreadcrumbList\",\"@id\":\"https:\\\/\\\/judithserrasinergies.com\\\/ca\\\/politica-de-privacitat\\\/#breadcrumb\",\"itemListElement\":[{\"@type\":\"ListItem\",\"position\":1,\"name\":\"Portada\",\"item\":\"https:\\\/\\\/judithserrasinergies.com\\\/ca\\\/\"},{\"@type\":\"ListItem\",\"position\":2,\"name\":\"POL\u00cdTICA DE PRIVACITAT\"}]},{\"@type\":\"WebSite\",\"@id\":\"https:\\\/\\\/judithserrasinergies.com\\\/#website\",\"url\":\"https:\\\/\\\/judithserrasinergies.com\\\/\",\"name\":\"Judith Serra\",\"description\":\"\",\"potentialAction\":[{\"@type\":\"SearchAction\",\"target\":{\"@type\":\"EntryPoint\",\"urlTemplate\":\"https:\\\/\\\/judithserrasinergies.com\\\/?s={search_term_string}\"},\"query-input\":{\"@type\":\"PropertyValueSpecification\",\"valueRequired\":true,\"valueName\":\"search_term_string\"}}],\"inLanguage\":\"ca\"}]}<\/script>\n<!-- \/ Yoast SEO plugin. -->","yoast_head_json":{"title":"POL\u00cdTICA DE PRIVACITAT - Judith Serra","robots":{"index":"noindex","follow":"nofollow"},"og_locale":"ca_ES","og_type":"article","og_title":"POL\u00cdTICA DE PRIVACITAT - Judith Serra","og_description":"POL\u00cdTICA DE PRIVACITAT 1. RESPONSABLE DE LES DADES PERSONALS Empresa: Judit Serra Boixader (d\u2019ara en endavant, &#8220;JUDITH SERRA &#8220;) NIF: 77737803B Direcci\u00f3: Apartado Correos n\u00fam. 103 de la Oficina de Berga, Carrer del Roser, 40, 08600, Berga, Barcelona, Espa\u00f1a Correu electr\u00f2nic: hola@judithserrasinergies.com Lloc web: www.judithserrasinergies.com Informem que la web www.judithserrasinergies.com de la qual \u00e9s titular &hellip; POL\u00cdTICA DE PRIVACITAT Llegeix m\u00e9s &raquo;","og_url":"https:\/\/judithserrasinergies.com\/ca\/politica-de-privacitat\/","og_site_name":"Judith Serra","article_modified_time":"2022-07-14T15:42:11+00:00","twitter_card":"summary_large_image","twitter_misc":{"Temps estimat de lectura":"8 minuts"},"schema":{"@context":"https:\/\/schema.org","@graph":[{"@type":"WebPage","@id":"https:\/\/judithserrasinergies.com\/ca\/politica-de-privacitat\/","url":"https:\/\/judithserrasinergies.com\/ca\/politica-de-privacitat\/","name":"POL\u00cdTICA DE PRIVACITAT - Judith Serra","isPartOf":{"@id":"https:\/\/judithserrasinergies.com\/#website"},"datePublished":"2021-09-09T11:47:59+00:00","dateModified":"2022-07-14T15:42:11+00:00","breadcrumb":{"@id":"https:\/\/judithserrasinergies.com\/ca\/politica-de-privacitat\/#breadcrumb"},"inLanguage":"ca","potentialAction":[{"@type":"ReadAction","target":["https:\/\/judithserrasinergies.com\/ca\/politica-de-privacitat\/"]}]},{"@type":"BreadcrumbList","@id":"https:\/\/judithserrasinergies.com\/ca\/politica-de-privacitat\/#breadcrumb","itemListElement":[{"@type":"ListItem","position":1,"name":"Portada","item":"https:\/\/judithserrasinergies.com\/ca\/"},{"@type":"ListItem","position":2,"name":"POL\u00cdTICA DE PRIVACITAT"}]},{"@type":"WebSite","@id":"https:\/\/judithserrasinergies.com\/#website","url":"https:\/\/judithserrasinergies.com\/","name":"Judith Serra","description":"","potentialAction":[{"@type":"SearchAction","target":{"@type":"EntryPoint","urlTemplate":"https:\/\/judithserrasinergies.com\/?s={search_term_string}"},"query-input":{"@type":"PropertyValueSpecification","valueRequired":true,"valueName":"search_term_string"}}],"inLanguage":"ca"}]}},"_links":{"self":[{"href":"https:\/\/judithserrasinergies.com\/ca\/wp-json\/wp\/v2\/pages\/1448","targetHints":{"allow":["GET"]}}],"collection":[{"href":"https:\/\/judithserrasinergies.com\/ca\/wp-json\/wp\/v2\/pages"}],"about":[{"href":"https:\/\/judithserrasinergies.com\/ca\/wp-json\/wp\/v2\/types\/page"}],"author":[{"embeddable":true,"href":"https:\/\/judithserrasinergies.com\/ca\/wp-json\/wp\/v2\/users\/1"}],"replies":[{"embeddable":true,"href":"https:\/\/judithserrasinergies.com\/ca\/wp-json\/wp\/v2\/comments?post=1448"}],"version-history":[{"count":2,"href":"https:\/\/judithserrasinergies.com\/ca\/wp-json\/wp\/v2\/pages\/1448\/revisions"}],"predecessor-version":[{"id":1960,"href":"https:\/\/judithserrasinergies.com\/ca\/wp-json\/wp\/v2\/pages\/1448\/revisions\/1960"}],"wp:attachment":[{"href":"https:\/\/judithserrasinergies.com\/ca\/wp-json\/wp\/v2\/media?parent=1448"}],"curies":[{"name":"wp","href":"https:\/\/api.w.org\/{rel}","templated":true}]}}